{"id":4428,"date":"2019-05-03T13:14:55","date_gmt":"2019-05-03T17:14:55","guid":{"rendered":"https:\/\/flsportscoast.com\/?post_type=ajde_events&amp;p=4428"},"modified":"2019-05-03T13:14:55","modified_gmt":"2019-05-03T17:14:55","slug":"uf-ifas-pasco-extension-farm-to-table-summer-youth-camp","status":"publish","type":"ajde_events","link":"https:\/\/flsportscoast.com\/es\/event\/uf-ifas-pasco-extension-farm-to-table-summer-youth-camp\/","title":{"rendered":"UF\/IFAS Pasco Extension Campamento de verano para j\u00f3venes de la granja a la mesa"},"content":{"rendered":"<p>\u00a1Prep\u00e1rate para este emocionante Campamento Juvenil de Verano de la Granja a la Mesa! Los ni\u00f1os aprender\u00e1n c\u00f3mo cultivar sus propios alimentos, as\u00ed como la importancia de comer frutas y verduras. Prep\u00e1rate para aprender en el aula y ensuciarte las manos en el jard\u00edn. Habr\u00e1 experimentos cient\u00edficos diarios, uno de los cuales ser\u00e1 c\u00f3mo hacer y usar un horno solar para deshidratar alimentos. Cada d\u00eda, los ni\u00f1os cosechar\u00e1n verduras del jard\u00edn y preparar\u00e1n su propia merienda saludable.<\/p>\n<p>&nbsp;<\/p>\n<p><strong>Informaci\u00f3n del campamento:<\/strong><\/p>\n<ul>\n<li>Los boletos cuestan $35 por participante<\/li>\n<li>3-7 de junio<\/li>\n<li>Edades 8-12<\/li>\n<\/ul>\n<p><strong>\u00a1El espacio es limitado, haga clic en aprender m\u00e1s para registrarse hoy!<\/strong><\/p>\n<p>&nbsp;<\/p>\n<p><strong>Cosas a recordar para llevar al campamento:<\/strong><\/p>\n<ul>\n<li>una botella de agua<\/li>\n<li>sombrero<\/li>\n<li>usar zapatos cerrados<\/li>\n<\/ul>\n<p>&nbsp;<\/p>\n<p><strong>Para obtener m\u00e1s informaci\u00f3n, p\u00f3ngase en contacto:<\/strong><\/p>\n<p>Ed\u00e9n Santiago G\u00f3mez<\/p>\n<p>Tel\u00e9fono: 352-521-1255 Correo electr\u00f3nico: esantiagogomez@pascocountyfl.net<\/p>","protected":false},"author":5,"featured_media":225814,"menu_order":0,"comment_status":"closed","ping_status":"closed","template":"","meta":{"_acf_changed":false,"wprm-recipe-roundup-name":"","wprm-recipe-roundup-description":""},"tags":[],"event_location":[129],"event_type":[],"event_type_2":[],"class_list":["post-4428","ajde_events","type-ajde_events","status-publish","has-post-thumbnail","hentry","event_location-pasco-county-farmden-community-garden"],"acf":[],"yoast_head":"<!-- This site is optimized with the Yoast SEO plugin v24.1 - https:\/\/yoast.com\/wordpress\/plugins\/seo\/ -->\n<title>UF\/IFAS Pasco Extension Farm to Table Summer Youth Camp | Florida&#039;s Sports Coast<\/title>\n<meta name=\"description\" content=\"Get ready for this exciting Farm to Table Summer Youth Camp! Kids will learn how to grow their own food as well as the importance of eating fruits &amp;\" \/>\n<meta name=\"robots\" content=\"index, follow, max-snippet:-1, max-image-preview:large, max-video-preview:-1\" \/>\n<link rel=\"canonical\" href=\"https:\/\/flsportscoast.com\/es\/event\/uf-ifas-pasco-extension-farm-to-table-summer-youth-camp\/\" \/>\n<meta property=\"og:locale\" content=\"es_MX\" \/>\n<meta property=\"og:type\" content=\"article\" \/>\n<meta property=\"og:title\" content=\"UF\/IFAS Pasco Extension Farm to Table Summer Youth Camp | Florida&#039;s Sports Coast\" \/>\n<meta property=\"og:description\" content=\"Get ready for this exciting Farm to Table Summer Youth Camp! Kids will learn how to grow their own food as well as the importance of eating fruits &amp;\" \/>\n<meta property=\"og:url\" content=\"https:\/\/flsportscoast.com\/es\/event\/uf-ifas-pasco-extension-farm-to-table-summer-youth-camp\/\" \/>\n<meta property=\"og:site_name\" content=\"Florida&#039;s Sports Coast\" \/>\n<meta property=\"article:publisher\" content=\"https:\/\/www.facebook.com\/FLSportsCoast\/\" \/>\n<meta property=\"og:image\" content=\"https:\/\/flsportscoast.com\/wp-content\/uploads\/2019\/03\/AdobeStock_181048078-scaled.jpeg\" \/>\n\t<meta property=\"og:image:width\" content=\"1920\" \/>\n\t<meta property=\"og:image:height\" content=\"1281\" \/>\n\t<meta property=\"og:image:type\" content=\"image\/jpeg\" \/>\n<meta name=\"twitter:card\" content=\"summary_large_image\" \/>\n<meta name=\"twitter:site\" content=\"@FLSportsCoast\" \/>\n<meta name=\"twitter:label1\" content=\"Est. reading time\" \/>\n\t<meta name=\"twitter:data1\" content=\"1 minute\" \/>\n<script type=\"application\/ld+json\" class=\"yoast-schema-graph\">{\"@context\":\"https:\/\/schema.org\",\"@graph\":[{\"@type\":\"WebPage\",\"@id\":\"https:\/\/flsportscoast.com\/event\/uf-ifas-pasco-extension-farm-to-table-summer-youth-camp\/\",\"url\":\"https:\/\/flsportscoast.com\/event\/uf-ifas-pasco-extension-farm-to-table-summer-youth-camp\/\",\"name\":\"UF\/IFAS Pasco Extension Farm to Table Summer Youth Camp | Florida&#039;s Sports Coast\",\"isPartOf\":{\"@id\":\"https:\/\/flsportscoast.com\/#website\"},\"primaryImageOfPage\":{\"@id\":\"https:\/\/flsportscoast.com\/event\/uf-ifas-pasco-extension-farm-to-table-summer-youth-camp\/#primaryimage\"},\"image\":{\"@id\":\"https:\/\/flsportscoast.com\/event\/uf-ifas-pasco-extension-farm-to-table-summer-youth-camp\/#primaryimage\"},\"thumbnailUrl\":\"https:\/\/flsportscoast.com\/wp-content\/uploads\/2019\/03\/AdobeStock_181048078-scaled.jpeg\",\"datePublished\":\"2019-05-03T17:14:55+00:00\",\"dateModified\":\"2019-05-03T17:14:55+00:00\",\"description\":\"Get ready for this exciting Farm to Table Summer Youth Camp! Kids will learn how to grow their own food as well as the importance of eating fruits &amp;\",\"breadcrumb\":{\"@id\":\"https:\/\/flsportscoast.com\/event\/uf-ifas-pasco-extension-farm-to-table-summer-youth-camp\/#breadcrumb\"},\"inLanguage\":\"es-MX\",\"potentialAction\":[{\"@type\":\"ReadAction\",\"target\":[\"https:\/\/flsportscoast.com\/event\/uf-ifas-pasco-extension-farm-to-table-summer-youth-camp\/\"]}]},{\"@type\":\"ImageObject\",\"inLanguage\":\"es-MX\",\"@id\":\"https:\/\/flsportscoast.com\/event\/uf-ifas-pasco-extension-farm-to-table-summer-youth-camp\/#primaryimage\",\"url\":\"https:\/\/flsportscoast.com\/wp-content\/uploads\/2019\/03\/AdobeStock_181048078-scaled.jpeg\",\"contentUrl\":\"https:\/\/flsportscoast.com\/wp-content\/uploads\/2019\/03\/AdobeStock_181048078-scaled.jpeg\",\"width\":1920,\"height\":1281,\"caption\":\"Fresh and organic vegetables at farmers market\"},{\"@type\":\"BreadcrumbList\",\"@id\":\"https:\/\/flsportscoast.com\/event\/uf-ifas-pasco-extension-farm-to-table-summer-youth-camp\/#breadcrumb\",\"itemListElement\":[{\"@type\":\"ListItem\",\"position\":1,\"name\":\"Home\",\"item\":\"https:\/\/flsportscoast.com\/\"},{\"@type\":\"ListItem\",\"position\":2,\"name\":\"Events\",\"item\":\"https:\/\/flsportscoast.com\/event\/\"},{\"@type\":\"ListItem\",\"position\":3,\"name\":\"UF\/IFAS Pasco Extension Farm to Table Summer Youth Camp\"}]},{\"@type\":\"WebSite\",\"@id\":\"https:\/\/flsportscoast.com\/#website\",\"url\":\"https:\/\/flsportscoast.com\/\",\"name\":\"Florida&#039;s Sports Coast\",\"description\":\"\",\"publisher\":{\"@id\":\"https:\/\/flsportscoast.com\/#organization\"},\"potentialAction\":[{\"@type\":\"SearchAction\",\"target\":{\"@type\":\"EntryPoint\",\"urlTemplate\":\"https:\/\/flsportscoast.com\/?s={search_term_string}\"},\"query-input\":{\"@type\":\"PropertyValueSpecification\",\"valueRequired\":true,\"valueName\":\"search_term_string\"}}],\"inLanguage\":\"es-MX\"},{\"@type\":\"Organization\",\"@id\":\"https:\/\/flsportscoast.com\/#organization\",\"name\":\"Florida Sports Coast\",\"url\":\"https:\/\/flsportscoast.com\/\",\"logo\":{\"@type\":\"ImageObject\",\"inLanguage\":\"es-MX\",\"@id\":\"https:\/\/flsportscoast.com\/#\/schema\/logo\/image\/\",\"url\":\"https:\/\/flsportscoast.com\/wp-content\/uploads\/2022\/07\/fl-sports-coast-logo-color.png\",\"contentUrl\":\"https:\/\/flsportscoast.com\/wp-content\/uploads\/2022\/07\/fl-sports-coast-logo-color.png\",\"width\":1028,\"height\":1028,\"caption\":\"Florida Sports Coast\"},\"image\":{\"@id\":\"https:\/\/flsportscoast.com\/#\/schema\/logo\/image\/\"},\"sameAs\":[\"https:\/\/www.facebook.com\/FLSportsCoast\/\",\"https:\/\/x.com\/FLSportsCoast\",\"https:\/\/www.pinterest.com\/FLSportsCoast\/\",\"https:\/\/www.instagram.com\/flsportscoast\/\",\"https:\/\/www.youtube.com\/channel\/UCJNh4zCnO3RPH6D9NPAoyGQ\"]}]}<\/script>\n<!-- \/ Yoast SEO plugin. -->","yoast_head_json":{"title":"UF\/IFAS Pasco Extension Campamento juvenil de verano de la granja a la mesa | Costa Deportiva de Florida&#039;s","description":"\u00a1Prep\u00e1rate para este emocionante Campamento Juvenil de Verano de la Granja a la Mesa! Los ni\u00f1os aprender\u00e1n c\u00f3mo cultivar sus propios alimentos, as\u00ed como la importancia de comer frutas y","robots":{"index":"index","follow":"follow","max-snippet":"max-snippet:-1","max-image-preview":"max-image-preview:large","max-video-preview":"max-video-preview:-1"},"canonical":"https:\/\/flsportscoast.com\/es\/event\/uf-ifas-pasco-extension-farm-to-table-summer-youth-camp\/","og_locale":"es_MX","og_type":"article","og_title":"UF\/IFAS Pasco Extension Farm to Table Summer Youth Camp | Florida&#039;s Sports Coast","og_description":"Get ready for this exciting Farm to Table Summer Youth Camp! Kids will learn how to grow their own food as well as the importance of eating fruits &amp;","og_url":"https:\/\/flsportscoast.com\/es\/event\/uf-ifas-pasco-extension-farm-to-table-summer-youth-camp\/","og_site_name":"Florida&#039;s Sports Coast","article_publisher":"https:\/\/www.facebook.com\/FLSportsCoast\/","og_image":[{"width":1920,"height":1281,"url":"https:\/\/flsportscoast.com\/wp-content\/uploads\/2019\/03\/AdobeStock_181048078-scaled.jpeg","type":"image\/jpeg"}],"twitter_card":"summary_large_image","twitter_site":"@FLSportsCoast","twitter_misc":{"Est. reading time":"1 minute"},"schema":{"@context":"https:\/\/schema.org","@graph":[{"@type":"WebPage","@id":"https:\/\/flsportscoast.com\/event\/uf-ifas-pasco-extension-farm-to-table-summer-youth-camp\/","url":"https:\/\/flsportscoast.com\/event\/uf-ifas-pasco-extension-farm-to-table-summer-youth-camp\/","name":"UF\/IFAS Pasco Extension Campamento juvenil de verano de la granja a la mesa | Costa Deportiva de Florida&#039;s","isPartOf":{"@id":"https:\/\/flsportscoast.com\/#website"},"primaryImageOfPage":{"@id":"https:\/\/flsportscoast.com\/event\/uf-ifas-pasco-extension-farm-to-table-summer-youth-camp\/#primaryimage"},"image":{"@id":"https:\/\/flsportscoast.com\/event\/uf-ifas-pasco-extension-farm-to-table-summer-youth-camp\/#primaryimage"},"thumbnailUrl":"https:\/\/flsportscoast.com\/wp-content\/uploads\/2019\/03\/AdobeStock_181048078-scaled.jpeg","datePublished":"2019-05-03T17:14:55+00:00","dateModified":"2019-05-03T17:14:55+00:00","description":"\u00a1Prep\u00e1rate para este emocionante Campamento Juvenil de Verano de la Granja a la Mesa! Los ni\u00f1os aprender\u00e1n c\u00f3mo cultivar sus propios alimentos, as\u00ed como la importancia de comer frutas y","breadcrumb":{"@id":"https:\/\/flsportscoast.com\/event\/uf-ifas-pasco-extension-farm-to-table-summer-youth-camp\/#breadcrumb"},"inLanguage":"es-MX","potentialAction":[{"@type":"ReadAction","target":["https:\/\/flsportscoast.com\/event\/uf-ifas-pasco-extension-farm-to-table-summer-youth-camp\/"]}]},{"@type":"ImageObject","inLanguage":"es-MX","@id":"https:\/\/flsportscoast.com\/event\/uf-ifas-pasco-extension-farm-to-table-summer-youth-camp\/#primaryimage","url":"https:\/\/flsportscoast.com\/wp-content\/uploads\/2019\/03\/AdobeStock_181048078-scaled.jpeg","contentUrl":"https:\/\/flsportscoast.com\/wp-content\/uploads\/2019\/03\/AdobeStock_181048078-scaled.jpeg","width":1920,"height":1281,"caption":"Fresh and organic vegetables at farmers market"},{"@type":"BreadcrumbList","@id":"https:\/\/flsportscoast.com\/event\/uf-ifas-pasco-extension-farm-to-table-summer-youth-camp\/#breadcrumb","itemListElement":[{"@type":"ListItem","position":1,"name":"Home","item":"https:\/\/flsportscoast.com\/"},{"@type":"ListItem","position":2,"name":"Events","item":"https:\/\/flsportscoast.com\/event\/"},{"@type":"ListItem","position":3,"name":"UF\/IFAS Pasco Extension Farm to Table Summer Youth Camp"}]},{"@type":"WebSite","@id":"https:\/\/flsportscoast.com\/#website","url":"https:\/\/flsportscoast.com\/","name":"Costa Deportiva de Florida&#039;s","description":"","publisher":{"@id":"https:\/\/flsportscoast.com\/#organization"},"potentialAction":[{"@type":"SearchAction","target":{"@type":"EntryPoint","urlTemplate":"https:\/\/flsportscoast.com\/?s={search_term_string}"},"query-input":{"@type":"PropertyValueSpecification","valueRequired":true,"valueName":"search_term_string"}}],"inLanguage":"es-MX"},{"@type":"Organization","@id":"https:\/\/flsportscoast.com\/#organization","name":"Costa deportiva de Florida","url":"https:\/\/flsportscoast.com\/","logo":{"@type":"ImageObject","inLanguage":"es-MX","@id":"https:\/\/flsportscoast.com\/#\/schema\/logo\/image\/","url":"https:\/\/flsportscoast.com\/wp-content\/uploads\/2022\/07\/fl-sports-coast-logo-color.png","contentUrl":"https:\/\/flsportscoast.com\/wp-content\/uploads\/2022\/07\/fl-sports-coast-logo-color.png","width":1028,"height":1028,"caption":"Florida Sports Coast"},"image":{"@id":"https:\/\/flsportscoast.com\/#\/schema\/logo\/image\/"},"sameAs":["https:\/\/www.facebook.com\/FLSportsCoast\/","https:\/\/x.com\/FLSportsCoast","https:\/\/www.pinterest.com\/FLSportsCoast\/","https:\/\/www.instagram.com\/flsportscoast\/","https:\/\/www.youtube.com\/channel\/UCJNh4zCnO3RPH6D9NPAoyGQ"]}]}},"meta_fields":{"evcal_srow":"1559552400","evcal_erow":"1559912400","event_year":"2019","_edit_last":"3","_thumbnail_id":"225814","evcal_event_color":"ce3439","evcal_lmlink":"https:\/\/www.eventbrite.com\/e\/6-3-19-thru-6-7-19-farm-to-table-summer-camp-tickets-58112157026","evcal_hide_locname":"no","evcal_gmap_gen":"no","evcal_name_over_img":"no","evo_access_control_location":"no","evcal_repeat":"no","_evcal_rep_series":"no","_evcal_rep_endt":"no","_evcal_rep_series_clickable":"no","evcal_rep_freq":"daily","evcal_rep_gap":"1","evcal_rep_num":"1","evp_repeat_rb":"dom","evo_repeat_wom":"1","evo_rep_WK":["1"],"evp_repeat_rb_wk":"sing","evo_rep_WKwk":["1"],"evcal_lmlink_target":"yes","_evcal_exlink_option":"1","evo_hide_endtime":"no","evo_span_hidden_end":"no","evo_year_long":"no","_evo_month_long":"no","evo_evcrd_field_org":"yes","_edata":{"day_light":"no"},"_yoast_wpseo_primary_event_type":"","_yoast_wpseo_primary_event_type_2":"","_yoast_wpseo_content_score":"90","evcal_allday":"no","_event_month":"6","_featured":"yes"},"addr":{"location_lon":null,"location_lat":null,"location_address":"15029 14th Street ","location_city":"Dade City","location_state":"Fl","location_country":"","evcal_location_link":"","evo_loc_img":""},"thumb_url":"https:\/\/flsportscoast.com\/wp-content\/uploads\/2019\/03\/AdobeStock_181048078-250x167.jpeg","_links":{"self":[{"href":"https:\/\/flsportscoast.com\/es\/wp-json\/wp\/v2\/ajde_events\/4428","targetHints":{"allow":["GET"]}}],"collection":[{"href":"https:\/\/flsportscoast.com\/es\/wp-json\/wp\/v2\/ajde_events"}],"about":[{"href":"https:\/\/flsportscoast.com\/es\/wp-json\/wp\/v2\/types\/ajde_events"}],"author":[{"embeddable":true,"href":"https:\/\/flsportscoast.com\/es\/wp-json\/wp\/v2\/users\/5"}],"replies":[{"embeddable":true,"href":"https:\/\/flsportscoast.com\/es\/wp-json\/wp\/v2\/comments?post=4428"}],"wp:featuredmedia":[{"embeddable":true,"href":"https:\/\/flsportscoast.com\/es\/wp-json\/wp\/v2\/media\/225814"}],"wp:attachment":[{"href":"https:\/\/flsportscoast.com\/es\/wp-json\/wp\/v2\/media?parent=4428"}],"wp:term":[{"taxonomy":"post_tag","embeddable":true,"href":"https:\/\/flsportscoast.com\/es\/wp-json\/wp\/v2\/tags?post=4428"},{"taxonomy":"event_location","embeddable":true,"href":"https:\/\/flsportscoast.com\/es\/wp-json\/wp\/v2\/event_location?post=4428"},{"taxonomy":"event_type","embeddable":true,"href":"https:\/\/flsportscoast.com\/es\/wp-json\/wp\/v2\/event_type?post=4428"},{"taxonomy":"event_type_2","embeddable":true,"href":"https:\/\/flsportscoast.com\/es\/wp-json\/wp\/v2\/event_type_2?post=4428"}],"curies":[{"name":"wp","href":"https:\/\/api.w.org\/{rel}","templated":true}]}}