{"id":236257,"date":"2026-09-03T16:32:57","date_gmt":"2026-09-03T20:32:57","guid":{"rendered":"https:\/\/flsportscoast.com\/?post_type=ajde_events&#038;p=236257"},"modified":"2026-09-03T16:33:00","modified_gmt":"2026-09-03T20:33:00","slug":"walk-to-end-alzheimers-pasco-county-2","status":"publish","type":"ajde_events","link":"https:\/\/flsportscoast.com\/es\/event\/walk-to-end-alzheimers-pasco-county-2\/","title":{"rendered":"Caminata para acabar con el Alzheimer en el condado de Pasco"},"content":{"rendered":"<p>Se invita a los residentes a participar en la Caminata para Acabar con el Alzheimer del Condado de Pasco el s\u00e1bado 26 de septiembre de 2026, que tendr\u00e1 lugar en Shops at Wiregrass, 28211 Paseo Drive, Wesley Chapel.<\/p>\n<p>Puedes registrarte hoy mismo visitando Alz.org\/PascoCountyWalk <\/p>\n<p>Actualmente, m\u00e1s de 7 millones de estadounidenses viven con la enfermedad de Alzheimer, y m\u00e1s de 580\u00a0000 personas en Florida la padecen. Se estima que 11 millones de familiares y amigos brindan cuidados no remunerados a las personas afectadas por el Alzheimer y otras demencias en todo el pa\u00eds, y m\u00e1s de 870\u00a0000 de estos cuidadores no remunerados residen en Florida.<\/p>\n<p>El d\u00eda de la caminata, la inscripci\u00f3n comienza a las 8:00 a. m., seguida de la ceremonia floral a las 9:00 a. m., y la caminata comienza inmediatamente despu\u00e9s. Los participantes rinden homenaje a las personas afectadas por el Alzheimer con la emotiva ceremonia del Jard\u00edn de la Promesa, una experiencia centrada en la misi\u00f3n que simboliza nuestra solidaridad en la lucha contra la enfermedad. Durante la ceremonia, los participantes llevar\u00e1n flores de diferentes colores, cada uno representando su conexi\u00f3n personal con la enfermedad. <\/p>\n<p>Para obtener m\u00e1s informaci\u00f3n sobre la Caminata para Acabar con el Alzheimer de este a\u00f1o en el Condado de Pasco, comun\u00edquese con Natalie Aviles en naaviles@alz.org o al (727) 220-4454.<\/p>","protected":false},"author":8,"featured_media":236258,"menu_order":0,"comment_status":"open","ping_status":"closed","template":"","meta":{"_acf_changed":false,"wprm-recipe-roundup-name":"","wprm-recipe-roundup-description":""},"tags":[],"event_location":[101],"event_type":[268,273],"event_type_2":[],"class_list":["post-236257","ajde_events","type-ajde_events","status-publish","has-post-thumbnail","hentry","event_location-the-shops-at-wiregrass","event_type-family-kids","event_type-outdoors-recreation"],"acf":[],"yoast_head":"<!-- This site is optimized with the Yoast SEO plugin v24.1 - https:\/\/yoast.com\/wordpress\/plugins\/seo\/ -->\n<title>Walk To End Alzheimer&#039;s Pasco County | Florida&#039;s Sports Coast<\/title>\n<meta name=\"description\" content=\"Residents are invited to join the Walk to End Alzheimer\u2019s Pasco County on Saturday, September 26, 2026, held at Shops at Wiregrass, 28211 Paseo Drive,\" \/>\n<meta name=\"robots\" content=\"index, follow, max-snippet:-1, max-image-preview:large, max-video-preview:-1\" \/>\n<link rel=\"canonical\" href=\"https:\/\/flsportscoast.com\/es\/event\/walk-to-end-alzheimers-pasco-county-2\/\" \/>\n<meta property=\"og:locale\" content=\"es_MX\" \/>\n<meta property=\"og:type\" content=\"article\" \/>\n<meta property=\"og:title\" content=\"Walk To End Alzheimer&#039;s Pasco County | Florida&#039;s Sports Coast\" \/>\n<meta property=\"og:description\" content=\"Residents are invited to join the Walk to End Alzheimer\u2019s Pasco County on Saturday, September 26, 2026, held at Shops at Wiregrass, 28211 Paseo Drive,\" \/>\n<meta property=\"og:url\" content=\"https:\/\/flsportscoast.com\/es\/event\/walk-to-end-alzheimers-pasco-county-2\/\" \/>\n<meta property=\"og:site_name\" content=\"Florida&#039;s Sports Coast\" \/>\n<meta property=\"article:publisher\" content=\"https:\/\/www.facebook.com\/FLSportsCoast\/\" \/>\n<meta property=\"article:modified_time\" content=\"2026-09-03T20:33:00+00:00\" \/>\n<meta property=\"og:image\" content=\"https:\/\/flsportscoast.com\/wp-content\/uploads\/274-8685-WalktoEndAlz2025-NPRPasco2-scaled.jpg\" \/>\n\t<meta property=\"og:image:width\" content=\"1920\" \/>\n\t<meta property=\"og:image:height\" content=\"1280\" \/>\n\t<meta property=\"og:image:type\" content=\"image\/jpeg\" \/>\n<meta name=\"twitter:card\" content=\"summary_large_image\" \/>\n<meta name=\"twitter:site\" content=\"@FLSportsCoast\" \/>\n<meta name=\"twitter:label1\" content=\"Est. reading time\" \/>\n\t<meta name=\"twitter:data1\" content=\"1 minute\" \/>\n<script type=\"application\/ld+json\" class=\"yoast-schema-graph\">{\"@context\":\"https:\/\/schema.org\",\"@graph\":[{\"@type\":\"WebPage\",\"@id\":\"https:\/\/flsportscoast.com\/event\/walk-to-end-alzheimers-pasco-county-2\/\",\"url\":\"https:\/\/flsportscoast.com\/event\/walk-to-end-alzheimers-pasco-county-2\/\",\"name\":\"Walk To End Alzheimer's Pasco County | Florida&#039;s Sports Coast\",\"isPartOf\":{\"@id\":\"https:\/\/flsportscoast.com\/#website\"},\"primaryImageOfPage\":{\"@id\":\"https:\/\/flsportscoast.com\/event\/walk-to-end-alzheimers-pasco-county-2\/#primaryimage\"},\"image\":{\"@id\":\"https:\/\/flsportscoast.com\/event\/walk-to-end-alzheimers-pasco-county-2\/#primaryimage\"},\"thumbnailUrl\":\"https:\/\/flsportscoast.com\/wp-content\/uploads\/274-8685-WalktoEndAlz2025-NPRPasco2-scaled.jpg\",\"datePublished\":\"2026-09-03T20:32:57+00:00\",\"dateModified\":\"2026-09-03T20:33:00+00:00\",\"description\":\"Residents are invited to join the Walk to End Alzheimer\u2019s Pasco County on Saturday, September 26, 2026, held at Shops at Wiregrass, 28211 Paseo Drive,\",\"breadcrumb\":{\"@id\":\"https:\/\/flsportscoast.com\/event\/walk-to-end-alzheimers-pasco-county-2\/#breadcrumb\"},\"inLanguage\":\"es-MX\",\"potentialAction\":[{\"@type\":\"ReadAction\",\"target\":[\"https:\/\/flsportscoast.com\/event\/walk-to-end-alzheimers-pasco-county-2\/\"]}]},{\"@type\":\"ImageObject\",\"inLanguage\":\"es-MX\",\"@id\":\"https:\/\/flsportscoast.com\/event\/walk-to-end-alzheimers-pasco-county-2\/#primaryimage\",\"url\":\"https:\/\/flsportscoast.com\/wp-content\/uploads\/274-8685-WalktoEndAlz2025-NPRPasco2-scaled.jpg\",\"contentUrl\":\"https:\/\/flsportscoast.com\/wp-content\/uploads\/274-8685-WalktoEndAlz2025-NPRPasco2-scaled.jpg\",\"width\":1920,\"height\":1280,\"caption\":\"Walk To End Alzheimer&#8217;s Pasco County\"},{\"@type\":\"BreadcrumbList\",\"@id\":\"https:\/\/flsportscoast.com\/event\/walk-to-end-alzheimers-pasco-county-2\/#breadcrumb\",\"itemListElement\":[{\"@type\":\"ListItem\",\"position\":1,\"name\":\"Home\",\"item\":\"https:\/\/flsportscoast.com\/\"},{\"@type\":\"ListItem\",\"position\":2,\"name\":\"Events\",\"item\":\"https:\/\/flsportscoast.com\/event\/\"},{\"@type\":\"ListItem\",\"position\":3,\"name\":\"Walk To End Alzheimer&#8217;s Pasco County\"}]},{\"@type\":\"WebSite\",\"@id\":\"https:\/\/flsportscoast.com\/#website\",\"url\":\"https:\/\/flsportscoast.com\/\",\"name\":\"Florida&#039;s Sports Coast\",\"description\":\"\",\"publisher\":{\"@id\":\"https:\/\/flsportscoast.com\/#organization\"},\"potentialAction\":[{\"@type\":\"SearchAction\",\"target\":{\"@type\":\"EntryPoint\",\"urlTemplate\":\"https:\/\/flsportscoast.com\/?s={search_term_string}\"},\"query-input\":{\"@type\":\"PropertyValueSpecification\",\"valueRequired\":true,\"valueName\":\"search_term_string\"}}],\"inLanguage\":\"es-MX\"},{\"@type\":\"Organization\",\"@id\":\"https:\/\/flsportscoast.com\/#organization\",\"name\":\"Florida Sports Coast\",\"url\":\"https:\/\/flsportscoast.com\/\",\"logo\":{\"@type\":\"ImageObject\",\"inLanguage\":\"es-MX\",\"@id\":\"https:\/\/flsportscoast.com\/#\/schema\/logo\/image\/\",\"url\":\"https:\/\/flsportscoast.com\/wp-content\/uploads\/2022\/07\/fl-sports-coast-logo-color.png\",\"contentUrl\":\"https:\/\/flsportscoast.com\/wp-content\/uploads\/2022\/07\/fl-sports-coast-logo-color.png\",\"width\":1028,\"height\":1028,\"caption\":\"Florida Sports Coast\"},\"image\":{\"@id\":\"https:\/\/flsportscoast.com\/#\/schema\/logo\/image\/\"},\"sameAs\":[\"https:\/\/www.facebook.com\/FLSportsCoast\/\",\"https:\/\/x.com\/FLSportsCoast\",\"https:\/\/www.pinterest.com\/FLSportsCoast\/\",\"https:\/\/www.instagram.com\/flsportscoast\/\",\"https:\/\/www.youtube.com\/channel\/UCJNh4zCnO3RPH6D9NPAoyGQ\"]}]}<\/script>\n<!-- \/ Yoast SEO plugin. -->","yoast_head_json":{"title":"Caminata para acabar con el Alzheimer en el condado de Pasco | La costa deportiva de Florida","description":"Se invita a los residentes a unirse a la Caminata para Acabar con el Alzheimer del Condado de Pasco el s\u00e1bado 26 de septiembre de 2026, que se llevar\u00e1 a cabo en Shops at Wiregrass, 28211 Paseo Drive,","robots":{"index":"index","follow":"follow","max-snippet":"max-snippet:-1","max-image-preview":"max-image-preview:large","max-video-preview":"max-video-preview:-1"},"canonical":"https:\/\/flsportscoast.com\/es\/event\/walk-to-end-alzheimers-pasco-county-2\/","og_locale":"es_MX","og_type":"article","og_title":"Walk To End Alzheimer's Pasco County | Florida&#039;s Sports Coast","og_description":"Residents are invited to join the Walk to End Alzheimer\u2019s Pasco County on Saturday, September 26, 2026, held at Shops at Wiregrass, 28211 Paseo Drive,","og_url":"https:\/\/flsportscoast.com\/es\/event\/walk-to-end-alzheimers-pasco-county-2\/","og_site_name":"Florida&#039;s Sports Coast","article_publisher":"https:\/\/www.facebook.com\/FLSportsCoast\/","article_modified_time":"2026-09-03T20:33:00+00:00","og_image":[{"width":1920,"height":1280,"url":"https:\/\/flsportscoast.com\/wp-content\/uploads\/274-8685-WalktoEndAlz2025-NPRPasco2-scaled.jpg","type":"image\/jpeg"}],"twitter_card":"summary_large_image","twitter_site":"@FLSportsCoast","twitter_misc":{"Est. reading time":"1 minute"},"schema":{"@context":"https:\/\/schema.org","@graph":[{"@type":"WebPage","@id":"https:\/\/flsportscoast.com\/event\/walk-to-end-alzheimers-pasco-county-2\/","url":"https:\/\/flsportscoast.com\/event\/walk-to-end-alzheimers-pasco-county-2\/","name":"Caminata para acabar con el Alzheimer en el condado de Pasco | La costa deportiva de Florida","isPartOf":{"@id":"https:\/\/flsportscoast.com\/#website"},"primaryImageOfPage":{"@id":"https:\/\/flsportscoast.com\/event\/walk-to-end-alzheimers-pasco-county-2\/#primaryimage"},"image":{"@id":"https:\/\/flsportscoast.com\/event\/walk-to-end-alzheimers-pasco-county-2\/#primaryimage"},"thumbnailUrl":"https:\/\/flsportscoast.com\/wp-content\/uploads\/274-8685-WalktoEndAlz2025-NPRPasco2-scaled.jpg","datePublished":"2026-09-03T20:32:57+00:00","dateModified":"2026-09-03T20:33:00+00:00","description":"Se invita a los residentes a unirse a la Caminata para Acabar con el Alzheimer del Condado de Pasco el s\u00e1bado 26 de septiembre de 2026, que se llevar\u00e1 a cabo en Shops at Wiregrass, 28211 Paseo Drive,","breadcrumb":{"@id":"https:\/\/flsportscoast.com\/event\/walk-to-end-alzheimers-pasco-county-2\/#breadcrumb"},"inLanguage":"es-MX","potentialAction":[{"@type":"ReadAction","target":["https:\/\/flsportscoast.com\/event\/walk-to-end-alzheimers-pasco-county-2\/"]}]},{"@type":"ImageObject","inLanguage":"es-MX","@id":"https:\/\/flsportscoast.com\/event\/walk-to-end-alzheimers-pasco-county-2\/#primaryimage","url":"https:\/\/flsportscoast.com\/wp-content\/uploads\/274-8685-WalktoEndAlz2025-NPRPasco2-scaled.jpg","contentUrl":"https:\/\/flsportscoast.com\/wp-content\/uploads\/274-8685-WalktoEndAlz2025-NPRPasco2-scaled.jpg","width":1920,"height":1280,"caption":"Walk To End Alzheimer&#8217;s Pasco County"},{"@type":"BreadcrumbList","@id":"https:\/\/flsportscoast.com\/event\/walk-to-end-alzheimers-pasco-county-2\/#breadcrumb","itemListElement":[{"@type":"ListItem","position":1,"name":"Home","item":"https:\/\/flsportscoast.com\/"},{"@type":"ListItem","position":2,"name":"Events","item":"https:\/\/flsportscoast.com\/event\/"},{"@type":"ListItem","position":3,"name":"Walk To End Alzheimer&#8217;s Pasco County"}]},{"@type":"WebSite","@id":"https:\/\/flsportscoast.com\/#website","url":"https:\/\/flsportscoast.com\/","name":"Costa Deportiva de Florida&#039;s","description":"","publisher":{"@id":"https:\/\/flsportscoast.com\/#organization"},"potentialAction":[{"@type":"SearchAction","target":{"@type":"EntryPoint","urlTemplate":"https:\/\/flsportscoast.com\/?s={search_term_string}"},"query-input":{"@type":"PropertyValueSpecification","valueRequired":true,"valueName":"search_term_string"}}],"inLanguage":"es-MX"},{"@type":"Organization","@id":"https:\/\/flsportscoast.com\/#organization","name":"Costa deportiva de Florida","url":"https:\/\/flsportscoast.com\/","logo":{"@type":"ImageObject","inLanguage":"es-MX","@id":"https:\/\/flsportscoast.com\/#\/schema\/logo\/image\/","url":"https:\/\/flsportscoast.com\/wp-content\/uploads\/2022\/07\/fl-sports-coast-logo-color.png","contentUrl":"https:\/\/flsportscoast.com\/wp-content\/uploads\/2022\/07\/fl-sports-coast-logo-color.png","width":1028,"height":1028,"caption":"Florida Sports Coast"},"image":{"@id":"https:\/\/flsportscoast.com\/#\/schema\/logo\/image\/"},"sameAs":["https:\/\/www.facebook.com\/FLSportsCoast\/","https:\/\/x.com\/FLSportsCoast","https:\/\/www.pinterest.com\/FLSportsCoast\/","https:\/\/www.instagram.com\/flsportscoast\/","https:\/\/www.youtube.com\/channel\/UCJNh4zCnO3RPH6D9NPAoyGQ"]}]}},"meta_fields":{"evcal_allday":"no","evo_hide_endtime":"no","evcal_srow":"1790409600","evcal_erow":"1790424000","evcal_subtitle":"Walk To End Alzheimer's Pasco County","_thumbnail_id":"236258","evcal_lmlink":"http:\/\/alz.org\/PascoCountyWalk","evcal_lmlink_target":"no","ftimg":"236258","evcal_event_color":"ce3439","_evo_lang":"L1","evcal_gmap_gen":"no","_edata":{"hide_progress":"no","_health_mask":"no","_health_temp":"no","_health_pdis":"no","_health_san":"no","_health_out":"no","_health_vac":"no","_health_other":""},"_submitter_name":"Nicole Lesson","_submitter_email":"ntlesson@alz.org","_send_publish_email":"no","_edit_lock":"1788467583:8","_wp_old_slug":"walk-to-end-alzheimers-pasco-county","_wp_old_date":"2026-09-02","_edit_last":"8","_evo_virtual_erow":"1788453120","_unix_start_ev":"1790424000","_unix_end_ev":"1790438400","_unix_vend_ev":"1788467520","evcal_event_color2":"ce3439","evcal_hide_locname":"no","evcal_name_over_img":"no","evo_access_control_location":"no","evcal_repeat":"no","_evcal_rep_series":"no","_evcal_rep_endt":"no","_evcal_rep_series_clickable":"no","evcal_rep_gap":"1","evcal_rep_num":"1","_evcal_exlink_target":"no","_evcal_exlink_option":"1","evo_span_hidden_end":"no","_time_ext_type":"n","evo_evcrd_field_org":"no","evo_event_org_as_perf":"no","_evo_virtual_endtime":"no","evo_exclude_ev":"no","_wpnonce":"40005a17c3","_wp_http_referer":"\/wp-admin\/post.php?post=236257&action=edit","_acf_screen":"post","_acf_post_id":"236257","_acf_validation":"1","_acf_nonce":"7cd643f88d","_evo_event_grad_colors":"no","_evo_event_grad_ang":"0\u00b0","_featured":"no","_completed":"no","_onlyloggedin":"no","_status":"scheduled","_attendance_mode":"offline","_evo_date_format":"Y\/m\/d","_evo_time_format":"12h","_start_hour":"8","_start_minute":"00","_start_ampm":"am","_end_hour":"12","_end_minute":"00","_end_ampm":"pm","_vir_hour":"4","_vir_minute":"32","_vir_ampm":"pm","_evo_tz":"America\/New_York","_evcal_rep_series_ux":"def","_evo_rep_series":"no","_new_repeat_start_hour":"8","_new_repeat_start_minute":"00","_new_repeat_start_ampm":"am","_new_repeat_end_hour":"12","_new_repeat_end_minute":"00","_new_repeat_end_ampm":"pm","_evo_rep_no_nosort":"no","_virtual":"no","_health":"no","_evo_relevs_hide_img":"no","evoau_disableEditing":"no","_yoast_wpseo_primary_event_users":"","_yoast_wpseo_primary_event_type":"268","_yoast_wpseo_primary_event_type_2":"","_yoast_wpseo_content_score":"60","_yoast_wpseo_estimated-reading-time-minutes":"","_oembed_d936ccd44bdae314f52529fcd27e7bd8":"{{unknown}}"},"addr":{"location_lon":null,"location_lat":null,"location_address":"28211 Pasco Drive","location_city":"Wesley Chapel","location_state":"FL","location_country":"","evcal_location_link":"","evo_loc_img":""},"thumb_url":"https:\/\/flsportscoast.com\/wp-content\/uploads\/274-8685-WalktoEndAlz2025-NPRPasco2-250x167.jpg","_links":{"self":[{"href":"https:\/\/flsportscoast.com\/es\/wp-json\/wp\/v2\/ajde_events\/236257","targetHints":{"allow":["GET"]}}],"collection":[{"href":"https:\/\/flsportscoast.com\/es\/wp-json\/wp\/v2\/ajde_events"}],"about":[{"href":"https:\/\/flsportscoast.com\/es\/wp-json\/wp\/v2\/types\/ajde_events"}],"author":[{"embeddable":true,"href":"https:\/\/flsportscoast.com\/es\/wp-json\/wp\/v2\/users\/8"}],"replies":[{"embeddable":true,"href":"https:\/\/flsportscoast.com\/es\/wp-json\/wp\/v2\/comments?post=236257"}],"wp:featuredmedia":[{"embeddable":true,"href":"https:\/\/flsportscoast.com\/es\/wp-json\/wp\/v2\/media\/236258"}],"wp:attachment":[{"href":"https:\/\/flsportscoast.com\/es\/wp-json\/wp\/v2\/media?parent=236257"}],"wp:term":[{"taxonomy":"post_tag","embeddable":true,"href":"https:\/\/flsportscoast.com\/es\/wp-json\/wp\/v2\/tags?post=236257"},{"taxonomy":"event_location","embeddable":true,"href":"https:\/\/flsportscoast.com\/es\/wp-json\/wp\/v2\/event_location?post=236257"},{"taxonomy":"event_type","embeddable":true,"href":"https:\/\/flsportscoast.com\/es\/wp-json\/wp\/v2\/event_type?post=236257"},{"taxonomy":"event_type_2","embeddable":true,"href":"https:\/\/flsportscoast.com\/es\/wp-json\/wp\/v2\/event_type_2?post=236257"}],"curies":[{"name":"wp","href":"https:\/\/api.w.org\/{rel}","templated":true}]}}