{"id":234602,"date":"2025-12-18T16:07:03","date_gmt":"2025-12-18T21:07:03","guid":{"rendered":"https:\/\/flsportscoast.com\/?post_type=ajde_events&#038;p=234602"},"modified":"2025-12-18T16:07:53","modified_gmt":"2025-12-18T21:07:53","slug":"13th-annual-collards-festival-winter-garden-expo","status":"publish","type":"ajde_events","link":"https:\/\/flsportscoast.com\/es\/event\/13th-annual-collards-festival-winter-garden-expo\/","title":{"rendered":"13.\u00ba Festival Anual de Berzas y Exposici\u00f3n de Jardines de Invierno"},"content":{"rendered":"<p>Prep\u00e1rese para disfrutar del 13\u00ba Festival Anual de Berzas y Exposici\u00f3n de Jardines de Invierno.<\/p>\n<p>Acomp\u00e1\u00f1enos el s\u00e1bado 17 de enero, de 11:00 a. m. a 2:00 p. m., en Grand Gardens (5721 Grand Blvd, New Port Richey) para una divertida celebraci\u00f3n familiar de todo lo relacionado con la huerta. Disfrute de pl\u00e1ntulas de hortalizas locales, plantas de temporada, consejos de jardiner\u00eda, recetas y mucho m\u00e1s, mientras celebra la temporada de cultivo invernal en Florida.<\/p>\n<p>Ya sea que sea un jardinero experimentado o reci\u00e9n est\u00e9 comenzando, este querido evento anual tiene algo para todos.<\/p>\n\n\n<figure class=\"wp-block-image size-full\"><img loading=\"lazy\" decoding=\"async\" width=\"556\" height=\"425\" src=\"https:\/\/flsportscoast.com\/wp-content\/uploads\/Collard-Festival_2026_1-002_Page_2.png\" alt=\"\" class=\"wp-image-234603\" srcset=\"https:\/\/flsportscoast.com\/wp-content\/uploads\/Collard-Festival_2026_1-002_Page_2.png 556w, https:\/\/flsportscoast.com\/wp-content\/uploads\/Collard-Festival_2026_1-002_Page_2-300x229.png 300w, https:\/\/flsportscoast.com\/wp-content\/uploads\/Collard-Festival_2026_1-002_Page_2-16x12.png 16w, https:\/\/flsportscoast.com\/wp-content\/uploads\/Collard-Festival_2026_1-002_Page_2-392x300.png 392w, https:\/\/flsportscoast.com\/wp-content\/uploads\/Collard-Festival_2026_1-002_Page_2-400x306.png 400w, https:\/\/flsportscoast.com\/wp-content\/uploads\/Collard-Festival_2026_1-002_Page_2-250x191.png 250w\" sizes=\"auto, (max-width: 556px) 100vw, 556px\" \/><\/figure>","protected":false},"author":8,"featured_media":234603,"menu_order":0,"comment_status":"open","ping_status":"closed","template":"","meta":{"_acf_changed":false,"wprm-recipe-roundup-name":"","wprm-recipe-roundup-description":""},"tags":[],"event_location":[138],"event_type":[269],"event_type_2":[],"class_list":["post-234602","ajde_events","type-ajde_events","status-publish","has-post-thumbnail","hentry","event_location-downtown-new-port-richey","event_type-festivals"],"acf":[],"yoast_head":"<!-- This site is optimized with the Yoast SEO plugin v24.1 - https:\/\/yoast.com\/wordpress\/plugins\/seo\/ -->\n<title>13th Annual Collards Festival &amp; Winter Garden Expo | Florida&#039;s Sports Coast<\/title>\n<meta name=\"description\" content=\"Get ready to dig in at the 13th Annual Collards Festival &amp; Winter Garden Expo. Join us Saturday, January 17th, from 11:00am\u20132:00pm at Grand Gardens\" \/>\n<meta name=\"robots\" content=\"index, follow, max-snippet:-1, max-image-preview:large, max-video-preview:-1\" \/>\n<link rel=\"canonical\" href=\"https:\/\/flsportscoast.com\/es\/event\/13th-annual-collards-festival-winter-garden-expo\/\" \/>\n<meta property=\"og:locale\" content=\"es_MX\" \/>\n<meta property=\"og:type\" content=\"article\" \/>\n<meta property=\"og:title\" content=\"13th Annual Collards Festival &amp; Winter Garden Expo | Florida&#039;s Sports Coast\" \/>\n<meta property=\"og:description\" content=\"Get ready to dig in at the 13th Annual Collards Festival &amp; Winter Garden Expo. Join us Saturday, January 17th, from 11:00am\u20132:00pm at Grand Gardens\" \/>\n<meta property=\"og:url\" content=\"https:\/\/flsportscoast.com\/es\/event\/13th-annual-collards-festival-winter-garden-expo\/\" \/>\n<meta property=\"og:site_name\" content=\"Florida&#039;s Sports Coast\" \/>\n<meta property=\"article:publisher\" content=\"https:\/\/www.facebook.com\/FLSportsCoast\/\" \/>\n<meta property=\"article:modified_time\" content=\"2025-12-18T21:07:53+00:00\" \/>\n<meta property=\"og:image\" content=\"https:\/\/flsportscoast.com\/wp-content\/uploads\/Collard-Festival_2026_1-002_Page_2.png\" \/>\n\t<meta property=\"og:image:width\" content=\"556\" \/>\n\t<meta property=\"og:image:height\" content=\"425\" \/>\n\t<meta property=\"og:image:type\" content=\"image\/png\" \/>\n<meta name=\"twitter:card\" content=\"summary_large_image\" \/>\n<meta name=\"twitter:site\" content=\"@FLSportsCoast\" \/>\n<script type=\"application\/ld+json\" class=\"yoast-schema-graph\">{\"@context\":\"https:\/\/schema.org\",\"@graph\":[{\"@type\":\"WebPage\",\"@id\":\"https:\/\/flsportscoast.com\/event\/13th-annual-collards-festival-winter-garden-expo\/\",\"url\":\"https:\/\/flsportscoast.com\/event\/13th-annual-collards-festival-winter-garden-expo\/\",\"name\":\"13th Annual Collards Festival &amp; Winter Garden Expo | Florida&#039;s Sports Coast\",\"isPartOf\":{\"@id\":\"https:\/\/flsportscoast.com\/#website\"},\"primaryImageOfPage\":{\"@id\":\"https:\/\/flsportscoast.com\/event\/13th-annual-collards-festival-winter-garden-expo\/#primaryimage\"},\"image\":{\"@id\":\"https:\/\/flsportscoast.com\/event\/13th-annual-collards-festival-winter-garden-expo\/#primaryimage\"},\"thumbnailUrl\":\"https:\/\/flsportscoast.com\/wp-content\/uploads\/Collard-Festival_2026_1-002_Page_2.png\",\"datePublished\":\"2025-12-18T21:07:03+00:00\",\"dateModified\":\"2025-12-18T21:07:53+00:00\",\"description\":\"Get ready to dig in at the 13th Annual Collards Festival &amp; Winter Garden Expo. Join us Saturday, January 17th, from 11:00am\u20132:00pm at Grand Gardens\",\"breadcrumb\":{\"@id\":\"https:\/\/flsportscoast.com\/event\/13th-annual-collards-festival-winter-garden-expo\/#breadcrumb\"},\"inLanguage\":\"es-MX\",\"potentialAction\":[{\"@type\":\"ReadAction\",\"target\":[\"https:\/\/flsportscoast.com\/event\/13th-annual-collards-festival-winter-garden-expo\/\"]}]},{\"@type\":\"ImageObject\",\"inLanguage\":\"es-MX\",\"@id\":\"https:\/\/flsportscoast.com\/event\/13th-annual-collards-festival-winter-garden-expo\/#primaryimage\",\"url\":\"https:\/\/flsportscoast.com\/wp-content\/uploads\/Collard-Festival_2026_1-002_Page_2.png\",\"contentUrl\":\"https:\/\/flsportscoast.com\/wp-content\/uploads\/Collard-Festival_2026_1-002_Page_2.png\",\"width\":556,\"height\":425},{\"@type\":\"BreadcrumbList\",\"@id\":\"https:\/\/flsportscoast.com\/event\/13th-annual-collards-festival-winter-garden-expo\/#breadcrumb\",\"itemListElement\":[{\"@type\":\"ListItem\",\"position\":1,\"name\":\"Home\",\"item\":\"https:\/\/flsportscoast.com\/\"},{\"@type\":\"ListItem\",\"position\":2,\"name\":\"Events\",\"item\":\"https:\/\/flsportscoast.com\/event\/\"},{\"@type\":\"ListItem\",\"position\":3,\"name\":\"13th Annual Collards Festival &amp; Winter Garden Expo\"}]},{\"@type\":\"WebSite\",\"@id\":\"https:\/\/flsportscoast.com\/#website\",\"url\":\"https:\/\/flsportscoast.com\/\",\"name\":\"Florida&#039;s Sports Coast\",\"description\":\"\",\"publisher\":{\"@id\":\"https:\/\/flsportscoast.com\/#organization\"},\"potentialAction\":[{\"@type\":\"SearchAction\",\"target\":{\"@type\":\"EntryPoint\",\"urlTemplate\":\"https:\/\/flsportscoast.com\/?s={search_term_string}\"},\"query-input\":{\"@type\":\"PropertyValueSpecification\",\"valueRequired\":true,\"valueName\":\"search_term_string\"}}],\"inLanguage\":\"es-MX\"},{\"@type\":\"Organization\",\"@id\":\"https:\/\/flsportscoast.com\/#organization\",\"name\":\"Florida Sports Coast\",\"url\":\"https:\/\/flsportscoast.com\/\",\"logo\":{\"@type\":\"ImageObject\",\"inLanguage\":\"es-MX\",\"@id\":\"https:\/\/flsportscoast.com\/#\/schema\/logo\/image\/\",\"url\":\"https:\/\/flsportscoast.com\/wp-content\/uploads\/2022\/07\/fl-sports-coast-logo-color.png\",\"contentUrl\":\"https:\/\/flsportscoast.com\/wp-content\/uploads\/2022\/07\/fl-sports-coast-logo-color.png\",\"width\":1028,\"height\":1028,\"caption\":\"Florida Sports Coast\"},\"image\":{\"@id\":\"https:\/\/flsportscoast.com\/#\/schema\/logo\/image\/\"},\"sameAs\":[\"https:\/\/www.facebook.com\/FLSportsCoast\/\",\"https:\/\/x.com\/FLSportsCoast\",\"https:\/\/www.pinterest.com\/FLSportsCoast\/\",\"https:\/\/www.instagram.com\/flsportscoast\/\",\"https:\/\/www.youtube.com\/channel\/UCJNh4zCnO3RPH6D9NPAoyGQ\"]}]}<\/script>\n<!-- \/ Yoast SEO plugin. -->","yoast_head_json":{"title":"13.\u00ba Festival Anual de la Berza y Exposici\u00f3n de Jardines de Invierno | Costa Deportiva de Florida","description":"Prep\u00e1rese para disfrutar del 13.\u00ba Festival Anual de Berzas y Exposici\u00f3n de Jardines de Invierno. \u00danase a nosotros el s\u00e1bado 17 de enero, de 11:00 a. m. a 2:00 p. m., en Grand Gardens.","robots":{"index":"index","follow":"follow","max-snippet":"max-snippet:-1","max-image-preview":"max-image-preview:large","max-video-preview":"max-video-preview:-1"},"canonical":"https:\/\/flsportscoast.com\/es\/event\/13th-annual-collards-festival-winter-garden-expo\/","og_locale":"es_MX","og_type":"article","og_title":"13th Annual Collards Festival &amp; Winter Garden Expo | Florida&#039;s Sports Coast","og_description":"Get ready to dig in at the 13th Annual Collards Festival &amp; Winter Garden Expo. Join us Saturday, January 17th, from 11:00am\u20132:00pm at Grand Gardens","og_url":"https:\/\/flsportscoast.com\/es\/event\/13th-annual-collards-festival-winter-garden-expo\/","og_site_name":"Florida&#039;s Sports Coast","article_publisher":"https:\/\/www.facebook.com\/FLSportsCoast\/","article_modified_time":"2025-12-18T21:07:53+00:00","og_image":[{"width":556,"height":425,"url":"https:\/\/flsportscoast.com\/wp-content\/uploads\/Collard-Festival_2026_1-002_Page_2.png","type":"image\/png"}],"twitter_card":"summary_large_image","twitter_site":"@FLSportsCoast","schema":{"@context":"https:\/\/schema.org","@graph":[{"@type":"WebPage","@id":"https:\/\/flsportscoast.com\/event\/13th-annual-collards-festival-winter-garden-expo\/","url":"https:\/\/flsportscoast.com\/event\/13th-annual-collards-festival-winter-garden-expo\/","name":"13.\u00ba Festival Anual de la Berza y Exposici\u00f3n de Jardines de Invierno | Costa Deportiva de Florida","isPartOf":{"@id":"https:\/\/flsportscoast.com\/#website"},"primaryImageOfPage":{"@id":"https:\/\/flsportscoast.com\/event\/13th-annual-collards-festival-winter-garden-expo\/#primaryimage"},"image":{"@id":"https:\/\/flsportscoast.com\/event\/13th-annual-collards-festival-winter-garden-expo\/#primaryimage"},"thumbnailUrl":"https:\/\/flsportscoast.com\/wp-content\/uploads\/Collard-Festival_2026_1-002_Page_2.png","datePublished":"2025-12-18T21:07:03+00:00","dateModified":"2025-12-18T21:07:53+00:00","description":"Prep\u00e1rese para disfrutar del 13.\u00ba Festival Anual de Berzas y Exposici\u00f3n de Jardines de Invierno. \u00danase a nosotros el s\u00e1bado 17 de enero, de 11:00 a. m. a 2:00 p. m., en Grand Gardens.","breadcrumb":{"@id":"https:\/\/flsportscoast.com\/event\/13th-annual-collards-festival-winter-garden-expo\/#breadcrumb"},"inLanguage":"es-MX","potentialAction":[{"@type":"ReadAction","target":["https:\/\/flsportscoast.com\/event\/13th-annual-collards-festival-winter-garden-expo\/"]}]},{"@type":"ImageObject","inLanguage":"es-MX","@id":"https:\/\/flsportscoast.com\/event\/13th-annual-collards-festival-winter-garden-expo\/#primaryimage","url":"https:\/\/flsportscoast.com\/wp-content\/uploads\/Collard-Festival_2026_1-002_Page_2.png","contentUrl":"https:\/\/flsportscoast.com\/wp-content\/uploads\/Collard-Festival_2026_1-002_Page_2.png","width":556,"height":425},{"@type":"BreadcrumbList","@id":"https:\/\/flsportscoast.com\/event\/13th-annual-collards-festival-winter-garden-expo\/#breadcrumb","itemListElement":[{"@type":"ListItem","position":1,"name":"Home","item":"https:\/\/flsportscoast.com\/"},{"@type":"ListItem","position":2,"name":"Events","item":"https:\/\/flsportscoast.com\/event\/"},{"@type":"ListItem","position":3,"name":"13th Annual Collards Festival &amp; Winter Garden Expo"}]},{"@type":"WebSite","@id":"https:\/\/flsportscoast.com\/#website","url":"https:\/\/flsportscoast.com\/","name":"Costa Deportiva de Florida&#039;s","description":"","publisher":{"@id":"https:\/\/flsportscoast.com\/#organization"},"potentialAction":[{"@type":"SearchAction","target":{"@type":"EntryPoint","urlTemplate":"https:\/\/flsportscoast.com\/?s={search_term_string}"},"query-input":{"@type":"PropertyValueSpecification","valueRequired":true,"valueName":"search_term_string"}}],"inLanguage":"es-MX"},{"@type":"Organization","@id":"https:\/\/flsportscoast.com\/#organization","name":"Costa deportiva de Florida","url":"https:\/\/flsportscoast.com\/","logo":{"@type":"ImageObject","inLanguage":"es-MX","@id":"https:\/\/flsportscoast.com\/#\/schema\/logo\/image\/","url":"https:\/\/flsportscoast.com\/wp-content\/uploads\/2022\/07\/fl-sports-coast-logo-color.png","contentUrl":"https:\/\/flsportscoast.com\/wp-content\/uploads\/2022\/07\/fl-sports-coast-logo-color.png","width":1028,"height":1028,"caption":"Florida Sports Coast"},"image":{"@id":"https:\/\/flsportscoast.com\/#\/schema\/logo\/image\/"},"sameAs":["https:\/\/www.facebook.com\/FLSportsCoast\/","https:\/\/x.com\/FLSportsCoast","https:\/\/www.pinterest.com\/FLSportsCoast\/","https:\/\/www.instagram.com\/flsportscoast\/","https:\/\/www.youtube.com\/channel\/UCJNh4zCnO3RPH6D9NPAoyGQ"]}]}},"meta_fields":{"evcal_allday":"no","evo_hide_endtime":"no","evcal_srow":"1768647600","evcal_erow":"1768658400","_thumbnail_id":"234603","evcal_lmlink":"https:\/\/www.cityofnewportrichey.org\/Events-directory\/13th-Annual-Collards-Festival-Winter-Garden-Expo","evcal_lmlink_target":"yes","ftimg":"234603","evcal_event_color":"ce3439","_evo_lang":"L1","evcal_gmap_gen":"no","_edata":{"hide_progress":"no","_health_mask":"no","_health_temp":"no","_health_pdis":"no","_health_san":"no","_health_out":"no","_health_vac":"no","_health_other":""},"_submitter_name":"Jesse Tamme","_submitter_email":"tammej@cityofnewportrichey.org","_send_publish_email":"no","_edit_lock":"1766445222:8","_edit_last":"8","_evo_virtual_erow":"1766073960","_unix_start_ev":"1768665600","_unix_end_ev":"1768676400","_unix_vend_ev":"1766091960","evcal_event_color2":"ce3439","evcal_hide_locname":"no","evcal_name_over_img":"no","evo_access_control_location":"no","evcal_repeat":"no","_evcal_rep_series":"no","_evcal_rep_endt":"no","_evcal_rep_series_clickable":"no","evcal_rep_gap":"1","evcal_rep_num":"1","_evcal_exlink_target":"no","_evcal_exlink_option":"1","evo_span_hidden_end":"no","_time_ext_type":"n","evo_evcrd_field_org":"no","evo_event_org_as_perf":"no","_evo_virtual_endtime":"no","evo_exclude_ev":"no","_wpnonce":"b3db81a4cf","_wp_http_referer":"\/wp-admin\/post.php?post=234602&action=edit","_acf_screen":"post","_acf_post_id":"234602","_acf_validation":"1","_acf_nonce":"d3417c1235","_evo_event_grad_colors":"no","_evo_event_grad_ang":"0\u00b0","_featured":"no","_completed":"no","_onlyloggedin":"no","_status":"scheduled","_attendance_mode":"offline","_evo_date_format":"Y\/m\/d","_evo_time_format":"12h","_start_hour":"11","_start_minute":"00","_start_ampm":"am","_end_hour":"2","_end_minute":"00","_end_ampm":"pm","_evo_tz":"America\/New_York","_evcal_rep_series_ux":"def","_evo_rep_series":"no","_new_repeat_start_hour":"11","_new_repeat_start_minute":"00","_new_repeat_start_ampm":"am","_new_repeat_end_hour":"2","_new_repeat_end_minute":"00","_new_repeat_end_ampm":"pm","_evo_rep_no_nosort":"no","_virtual":"no","_health":"no","_evo_relevs_hide_img":"no","evoau_disableEditing":"no","_yoast_wpseo_primary_event_users":"","_yoast_wpseo_primary_event_type":"269","_yoast_wpseo_primary_event_type_2":"","_yoast_wpseo_content_score":"60","_yoast_wpseo_estimated-reading-time-minutes":"","_wp_original_http_referer":"https:\/\/flsportscoast.com\/wp-admin\/edit.php?post_type=ajde_events","_vir_hour":"4","_vir_minute":"06","_vir_ampm":"pm"},"addr":{"location_address":"5740 Main Street ","location_city":"New Port Richey","location_state":"FL"},"thumb_url":"https:\/\/flsportscoast.com\/wp-content\/uploads\/Collard-Festival_2026_1-002_Page_2-250x191.png","_links":{"self":[{"href":"https:\/\/flsportscoast.com\/es\/wp-json\/wp\/v2\/ajde_events\/234602","targetHints":{"allow":["GET"]}}],"collection":[{"href":"https:\/\/flsportscoast.com\/es\/wp-json\/wp\/v2\/ajde_events"}],"about":[{"href":"https:\/\/flsportscoast.com\/es\/wp-json\/wp\/v2\/types\/ajde_events"}],"author":[{"embeddable":true,"href":"https:\/\/flsportscoast.com\/es\/wp-json\/wp\/v2\/users\/8"}],"replies":[{"embeddable":true,"href":"https:\/\/flsportscoast.com\/es\/wp-json\/wp\/v2\/comments?post=234602"}],"wp:featuredmedia":[{"embeddable":true,"href":"https:\/\/flsportscoast.com\/es\/wp-json\/wp\/v2\/media\/234603"}],"wp:attachment":[{"href":"https:\/\/flsportscoast.com\/es\/wp-json\/wp\/v2\/media?parent=234602"}],"wp:term":[{"taxonomy":"post_tag","embeddable":true,"href":"https:\/\/flsportscoast.com\/es\/wp-json\/wp\/v2\/tags?post=234602"},{"taxonomy":"event_location","embeddable":true,"href":"https:\/\/flsportscoast.com\/es\/wp-json\/wp\/v2\/event_location?post=234602"},{"taxonomy":"event_type","embeddable":true,"href":"https:\/\/flsportscoast.com\/es\/wp-json\/wp\/v2\/event_type?post=234602"},{"taxonomy":"event_type_2","embeddable":true,"href":"https:\/\/flsportscoast.com\/es\/wp-json\/wp\/v2\/event_type_2?post=234602"}],"curies":[{"name":"wp","href":"https:\/\/api.w.org\/{rel}","templated":true}]}}