{"id":230640,"date":"2023-02-01T16:49:09","date_gmt":"2023-02-01T21:49:09","guid":{"rendered":"https:\/\/flsportscoast.com\/?post_type=ajde_events&#038;p=230640"},"modified":"2023-02-01T18:52:13","modified_gmt":"2023-02-01T23:52:13","slug":"the-florida-vanlife-gathering","status":"publish","type":"ajde_events","link":"https:\/\/flsportscoast.com\/de\/event\/the-florida-vanlife-gathering\/","title":{"rendered":"Das Florida Vanlife Gathering"},"content":{"rendered":"<p>3 Tage und N\u00e4chte voller Vanlifer und Nomaden, die im wundersch\u00f6nen Zentralflorida zusammenkommen, um Kontakte zu kn\u00fcpfen, zu lernen und Spa\u00df zu haben. Wir erwarten rund 300 Transporter und mehrere Hundert Besucher sowie gro\u00dfartige Sponsoren und Aussteller\/Verk\u00e4ufer.<\/p>\n\n\n\n<p>Beim Florida Vanlife Gathering k\u00f6nnen Sie den Wintertemperaturen entfliehen, mit Transporterbauern sprechen, einige Ihrer Lieblings-Vanlifer treffen und Kontakte kn\u00fcpfen, fantastische Van-Bauten besichtigen, an Bildungsworkshops teilnehmen, Live-Musik h\u00f6ren, neue Produktvorf\u00fchrungen anschauen und teilnehmen Werbegeschenke. Dar\u00fcber hinaus gibt es im gesamten Park zahlreiche Outdoor-Aktivit\u00e4ten.<\/p>\n\n\n\n<figure class=\"wp-block-image size-full\"><img loading=\"lazy\" decoding=\"async\" width=\"800\" height=\"800\" src=\"https:\/\/flsportscoast.com\/wp-content\/uploads\/fl_vanlife_logorgb_01_5_.png\" alt=\"\" class=\"wp-image-230642\" srcset=\"https:\/\/flsportscoast.com\/wp-content\/uploads\/fl_vanlife_logorgb_01_5_.png 800w, https:\/\/flsportscoast.com\/wp-content\/uploads\/fl_vanlife_logorgb_01_5_-300x300.png 300w, https:\/\/flsportscoast.com\/wp-content\/uploads\/fl_vanlife_logorgb_01_5_-150x150.png 150w, https:\/\/flsportscoast.com\/wp-content\/uploads\/fl_vanlife_logorgb_01_5_-768x768.png 768w, https:\/\/flsportscoast.com\/wp-content\/uploads\/fl_vanlife_logorgb_01_5_-12x12.png 12w, https:\/\/flsportscoast.com\/wp-content\/uploads\/fl_vanlife_logorgb_01_5_-400x400.png 400w, https:\/\/flsportscoast.com\/wp-content\/uploads\/fl_vanlife_logorgb_01_5_-600x600.png 600w, https:\/\/flsportscoast.com\/wp-content\/uploads\/fl_vanlife_logorgb_01_5_-250x250.png 250w\" sizes=\"auto, (max-width: 800px) 100vw, 800px\" \/><\/figure>","protected":false},"author":8,"featured_media":230642,"menu_order":0,"comment_status":"open","ping_status":"closed","template":"","meta":{"_acf_changed":false,"wprm-recipe-roundup-name":"","wprm-recipe-roundup-description":""},"tags":[],"event_location":[178],"event_type":[],"event_type_2":[],"class_list":["post-230640","ajde_events","type-ajde_events","status-publish","has-post-thumbnail","hentry","event_location-withlacoochee-river-park"],"acf":[],"yoast_head":"<!-- This site is optimized with the Yoast SEO plugin v24.1 - https:\/\/yoast.com\/wordpress\/plugins\/seo\/ -->\n<title>The Florida Vanlife Gathering | Florida&#039;s Sports Coast<\/title>\n<meta name=\"description\" content=\"3 days and nights of vanlifers and nomads coming together in beautiful, central Florida to connect, learn, and have fun. We expect to have around 300 vans\" \/>\n<meta name=\"robots\" content=\"index, follow, max-snippet:-1, max-image-preview:large, max-video-preview:-1\" \/>\n<link rel=\"canonical\" href=\"https:\/\/flsportscoast.com\/de\/event\/the-florida-vanlife-gathering\/\" \/>\n<meta property=\"og:locale\" content=\"de_DE\" \/>\n<meta property=\"og:type\" content=\"article\" \/>\n<meta property=\"og:title\" content=\"The Florida Vanlife Gathering | Florida&#039;s Sports Coast\" \/>\n<meta property=\"og:description\" content=\"3 days and nights of vanlifers and nomads coming together in beautiful, central Florida to connect, learn, and have fun. We expect to have around 300 vans\" \/>\n<meta property=\"og:url\" content=\"https:\/\/flsportscoast.com\/de\/event\/the-florida-vanlife-gathering\/\" \/>\n<meta property=\"og:site_name\" content=\"Florida&#039;s Sports Coast\" \/>\n<meta property=\"article:publisher\" content=\"https:\/\/www.facebook.com\/FLSportsCoast\/\" \/>\n<meta property=\"article:modified_time\" content=\"2023-02-01T23:52:13+00:00\" \/>\n<meta property=\"og:image\" content=\"https:\/\/flsportscoast.com\/wp-content\/uploads\/fl_vanlife_logorgb_01_5_.png\" \/>\n\t<meta property=\"og:image:width\" content=\"800\" \/>\n\t<meta property=\"og:image:height\" content=\"800\" \/>\n\t<meta property=\"og:image:type\" content=\"image\/png\" \/>\n<meta name=\"twitter:card\" content=\"summary_large_image\" \/>\n<meta name=\"twitter:site\" content=\"@FLSportsCoast\" \/>\n<script type=\"application\/ld+json\" class=\"yoast-schema-graph\">{\"@context\":\"https:\/\/schema.org\",\"@graph\":[{\"@type\":\"WebPage\",\"@id\":\"https:\/\/flsportscoast.com\/event\/the-florida-vanlife-gathering\/\",\"url\":\"https:\/\/flsportscoast.com\/event\/the-florida-vanlife-gathering\/\",\"name\":\"The Florida Vanlife Gathering | Florida&#039;s Sports Coast\",\"isPartOf\":{\"@id\":\"https:\/\/flsportscoast.com\/#website\"},\"primaryImageOfPage\":{\"@id\":\"https:\/\/flsportscoast.com\/event\/the-florida-vanlife-gathering\/#primaryimage\"},\"image\":{\"@id\":\"https:\/\/flsportscoast.com\/event\/the-florida-vanlife-gathering\/#primaryimage\"},\"thumbnailUrl\":\"https:\/\/flsportscoast.com\/wp-content\/uploads\/fl_vanlife_logorgb_01_5_.png\",\"datePublished\":\"2023-02-01T21:49:09+00:00\",\"dateModified\":\"2023-02-01T23:52:13+00:00\",\"description\":\"3 days and nights of vanlifers and nomads coming together in beautiful, central Florida to connect, learn, and have fun. We expect to have around 300 vans\",\"breadcrumb\":{\"@id\":\"https:\/\/flsportscoast.com\/event\/the-florida-vanlife-gathering\/#breadcrumb\"},\"inLanguage\":\"de-DE\",\"potentialAction\":[{\"@type\":\"ReadAction\",\"target\":[\"https:\/\/flsportscoast.com\/event\/the-florida-vanlife-gathering\/\"]}]},{\"@type\":\"ImageObject\",\"inLanguage\":\"de-DE\",\"@id\":\"https:\/\/flsportscoast.com\/event\/the-florida-vanlife-gathering\/#primaryimage\",\"url\":\"https:\/\/flsportscoast.com\/wp-content\/uploads\/fl_vanlife_logorgb_01_5_.png\",\"contentUrl\":\"https:\/\/flsportscoast.com\/wp-content\/uploads\/fl_vanlife_logorgb_01_5_.png\",\"width\":800,\"height\":800},{\"@type\":\"BreadcrumbList\",\"@id\":\"https:\/\/flsportscoast.com\/event\/the-florida-vanlife-gathering\/#breadcrumb\",\"itemListElement\":[{\"@type\":\"ListItem\",\"position\":1,\"name\":\"Home\",\"item\":\"https:\/\/flsportscoast.com\/\"},{\"@type\":\"ListItem\",\"position\":2,\"name\":\"Events\",\"item\":\"https:\/\/flsportscoast.com\/event\/\"},{\"@type\":\"ListItem\",\"position\":3,\"name\":\"The Florida Vanlife Gathering\"}]},{\"@type\":\"WebSite\",\"@id\":\"https:\/\/flsportscoast.com\/#website\",\"url\":\"https:\/\/flsportscoast.com\/\",\"name\":\"Florida&#039;s Sports Coast\",\"description\":\"\",\"publisher\":{\"@id\":\"https:\/\/flsportscoast.com\/#organization\"},\"potentialAction\":[{\"@type\":\"SearchAction\",\"target\":{\"@type\":\"EntryPoint\",\"urlTemplate\":\"https:\/\/flsportscoast.com\/?s={search_term_string}\"},\"query-input\":{\"@type\":\"PropertyValueSpecification\",\"valueRequired\":true,\"valueName\":\"search_term_string\"}}],\"inLanguage\":\"de-DE\"},{\"@type\":\"Organization\",\"@id\":\"https:\/\/flsportscoast.com\/#organization\",\"name\":\"Florida Sports Coast\",\"url\":\"https:\/\/flsportscoast.com\/\",\"logo\":{\"@type\":\"ImageObject\",\"inLanguage\":\"de-DE\",\"@id\":\"https:\/\/flsportscoast.com\/#\/schema\/logo\/image\/\",\"url\":\"https:\/\/flsportscoast.com\/wp-content\/uploads\/2022\/07\/fl-sports-coast-logo-color.png\",\"contentUrl\":\"https:\/\/flsportscoast.com\/wp-content\/uploads\/2022\/07\/fl-sports-coast-logo-color.png\",\"width\":1028,\"height\":1028,\"caption\":\"Florida Sports Coast\"},\"image\":{\"@id\":\"https:\/\/flsportscoast.com\/#\/schema\/logo\/image\/\"},\"sameAs\":[\"https:\/\/www.facebook.com\/FLSportsCoast\/\",\"https:\/\/x.com\/FLSportsCoast\",\"https:\/\/www.pinterest.com\/FLSportsCoast\/\",\"https:\/\/www.instagram.com\/flsportscoast\/\",\"https:\/\/www.youtube.com\/channel\/UCJNh4zCnO3RPH6D9NPAoyGQ\"]}]}<\/script>\n<!-- \/ Yoast SEO plugin. -->","yoast_head_json":{"title":"Das Florida Vanlife Gathering | Floridas Sportk\u00fcste","description":"3 Tage und N\u00e4chte voller Vanlifer und Nomaden, die im wundersch\u00f6nen Zentralflorida zusammenkommen, um Kontakte zu kn\u00fcpfen, zu lernen und Spa\u00df zu haben. Wir rechnen mit rund 300 Transportern","robots":{"index":"index","follow":"follow","max-snippet":"max-snippet:-1","max-image-preview":"max-image-preview:large","max-video-preview":"max-video-preview:-1"},"canonical":"https:\/\/flsportscoast.com\/de\/event\/the-florida-vanlife-gathering\/","og_locale":"de_DE","og_type":"article","og_title":"The Florida Vanlife Gathering | Florida&#039;s Sports Coast","og_description":"3 days and nights of vanlifers and nomads coming together in beautiful, central Florida to connect, learn, and have fun. We expect to have around 300 vans","og_url":"https:\/\/flsportscoast.com\/de\/event\/the-florida-vanlife-gathering\/","og_site_name":"Florida&#039;s Sports Coast","article_publisher":"https:\/\/www.facebook.com\/FLSportsCoast\/","article_modified_time":"2023-02-01T23:52:13+00:00","og_image":[{"width":800,"height":800,"url":"https:\/\/flsportscoast.com\/wp-content\/uploads\/fl_vanlife_logorgb_01_5_.png","type":"image\/png"}],"twitter_card":"summary_large_image","twitter_site":"@FLSportsCoast","schema":{"@context":"https:\/\/schema.org","@graph":[{"@type":"WebPage","@id":"https:\/\/flsportscoast.com\/event\/the-florida-vanlife-gathering\/","url":"https:\/\/flsportscoast.com\/event\/the-florida-vanlife-gathering\/","name":"Das Florida Vanlife Gathering | Floridas Sportk\u00fcste","isPartOf":{"@id":"https:\/\/flsportscoast.com\/#website"},"primaryImageOfPage":{"@id":"https:\/\/flsportscoast.com\/event\/the-florida-vanlife-gathering\/#primaryimage"},"image":{"@id":"https:\/\/flsportscoast.com\/event\/the-florida-vanlife-gathering\/#primaryimage"},"thumbnailUrl":"https:\/\/flsportscoast.com\/wp-content\/uploads\/fl_vanlife_logorgb_01_5_.png","datePublished":"2023-02-01T21:49:09+00:00","dateModified":"2023-02-01T23:52:13+00:00","description":"3 Tage und N\u00e4chte voller Vanlifer und Nomaden, die im wundersch\u00f6nen Zentralflorida zusammenkommen, um Kontakte zu kn\u00fcpfen, zu lernen und Spa\u00df zu haben. Wir rechnen mit rund 300 Transportern","breadcrumb":{"@id":"https:\/\/flsportscoast.com\/event\/the-florida-vanlife-gathering\/#breadcrumb"},"inLanguage":"de-DE","potentialAction":[{"@type":"ReadAction","target":["https:\/\/flsportscoast.com\/event\/the-florida-vanlife-gathering\/"]}]},{"@type":"ImageObject","inLanguage":"de-DE","@id":"https:\/\/flsportscoast.com\/event\/the-florida-vanlife-gathering\/#primaryimage","url":"https:\/\/flsportscoast.com\/wp-content\/uploads\/fl_vanlife_logorgb_01_5_.png","contentUrl":"https:\/\/flsportscoast.com\/wp-content\/uploads\/fl_vanlife_logorgb_01_5_.png","width":800,"height":800},{"@type":"BreadcrumbList","@id":"https:\/\/flsportscoast.com\/event\/the-florida-vanlife-gathering\/#breadcrumb","itemListElement":[{"@type":"ListItem","position":1,"name":"Home","item":"https:\/\/flsportscoast.com\/"},{"@type":"ListItem","position":2,"name":"Events","item":"https:\/\/flsportscoast.com\/event\/"},{"@type":"ListItem","position":3,"name":"The Florida Vanlife Gathering"}]},{"@type":"WebSite","@id":"https:\/\/flsportscoast.com\/#website","url":"https:\/\/flsportscoast.com\/","name":"Floridas Sportk\u00fcste","description":"","publisher":{"@id":"https:\/\/flsportscoast.com\/#organization"},"potentialAction":[{"@type":"SearchAction","target":{"@type":"EntryPoint","urlTemplate":"https:\/\/flsportscoast.com\/?s={search_term_string}"},"query-input":{"@type":"PropertyValueSpecification","valueRequired":true,"valueName":"search_term_string"}}],"inLanguage":"de-DE"},{"@type":"Organization","@id":"https:\/\/flsportscoast.com\/#organization","name":"Floridas Sportk\u00fcste","url":"https:\/\/flsportscoast.com\/","logo":{"@type":"ImageObject","inLanguage":"de-DE","@id":"https:\/\/flsportscoast.com\/#\/schema\/logo\/image\/","url":"https:\/\/flsportscoast.com\/wp-content\/uploads\/2022\/07\/fl-sports-coast-logo-color.png","contentUrl":"https:\/\/flsportscoast.com\/wp-content\/uploads\/2022\/07\/fl-sports-coast-logo-color.png","width":1028,"height":1028,"caption":"Florida Sports Coast"},"image":{"@id":"https:\/\/flsportscoast.com\/#\/schema\/logo\/image\/"},"sameAs":["https:\/\/www.facebook.com\/FLSportsCoast\/","https:\/\/x.com\/FLSportsCoast","https:\/\/www.pinterest.com\/FLSportsCoast\/","https:\/\/www.instagram.com\/flsportscoast\/","https:\/\/www.youtube.com\/channel\/UCJNh4zCnO3RPH6D9NPAoyGQ"]}]}},"meta_fields":{"_evo_virtual_erow":"1675285200","evcal_srow":"1675432800","evcal_erow":"1675724400","evcal_event_color_n":"1","_featured":"no","_evo_lang":"L1","_edit_lock":"1675370051:1","_thumbnail_id":"230642","_edit_last":"1","evcal_allday":"no","evcal_event_color":"ce3439","evcal_hide_locname":"no","evcal_gmap_gen":"no","evcal_name_over_img":"no","evo_access_control_location":"no","evcal_repeat":"no","_evcal_rep_series":"no","_evcal_rep_endt":"no","_evcal_rep_series_clickable":"no","evcal_rep_gap":"1","evcal_rep_num":"1","evo_rep_WK":"5","evo_rep_WKwk":"5","evcal_lmlink_target":"no","_evcal_exlink_option":"1","evo_hide_endtime":"no","evo_span_hidden_end":"no","evo_year_long":"no","_evo_month_long":"no","evo_evcrd_field_org":"no","evo_event_org_as_perf":"no","_evo_virtual_endtime":"no","evo_exclude_ev":"no","_wpnonce":"ca4e99927f","_wp_http_referer":"\/wp-admin\/post.php?post=230640&action=edit","_wp_original_http_referer":"https:\/\/flsportscoast.com\/wp-admin\/edit.php?post_type=ajde_events","_acf_screen":"post","_acf_post_id":"230640","_acf_validation":"1","_acf_nonce":"0143f15646","_completed":"no","_onlyloggedin":"no","_status":"scheduled","_attendance_mode":"offline","_evo_date_format":"Y\/m\/d","_evo_time_format":"12h","_start_hour":"2","_start_minute":"00","_start_ampm":"pm","_end_hour":"11","_end_minute":"00","_end_ampm":"pm","_vir_hour":"9","_vir_minute":"00","_vir_ampm":"pm","_evo_tz":"America\/New_York","_edata":{"day_light":"no","hide_progress":"no","_health_mask":"no","_health_temp":"no","_health_pdis":"no","_health_san":"no","_health_out":"no","_health_vac":"no","_health_other":""},"_new_repeat_start_hour":"9","_new_repeat_start_minute":"00","_new_repeat_start_ampm":"pm","_new_repeat_end_hour":"9","_new_repeat_end_minute":"00","_new_repeat_end_ampm":"pm","_virtual":"no","_health":"no","evoau_disableEditing":"no","_yoast_wpseo_content_score":"90","_yoast_wpseo_estimated-reading-time-minutes":"","_yoast_wpseo_wordproof_timestamp":""},"addr":{"location_lon":null,"location_lat":null,"location_address":"12249 Withlacoochee River Boulevard","location_city":"Dade City","location_state":"FL","location_country":"","evcal_location_link":"","evo_loc_img":""},"thumb_url":"https:\/\/flsportscoast.com\/wp-content\/uploads\/fl_vanlife_logorgb_01_5_-250x250.png","_links":{"self":[{"href":"https:\/\/flsportscoast.com\/de\/wp-json\/wp\/v2\/ajde_events\/230640","targetHints":{"allow":["GET"]}}],"collection":[{"href":"https:\/\/flsportscoast.com\/de\/wp-json\/wp\/v2\/ajde_events"}],"about":[{"href":"https:\/\/flsportscoast.com\/de\/wp-json\/wp\/v2\/types\/ajde_events"}],"author":[{"embeddable":true,"href":"https:\/\/flsportscoast.com\/de\/wp-json\/wp\/v2\/users\/8"}],"replies":[{"embeddable":true,"href":"https:\/\/flsportscoast.com\/de\/wp-json\/wp\/v2\/comments?post=230640"}],"wp:featuredmedia":[{"embeddable":true,"href":"https:\/\/flsportscoast.com\/de\/wp-json\/wp\/v2\/media\/230642"}],"wp:attachment":[{"href":"https:\/\/flsportscoast.com\/de\/wp-json\/wp\/v2\/media?parent=230640"}],"wp:term":[{"taxonomy":"post_tag","embeddable":true,"href":"https:\/\/flsportscoast.com\/de\/wp-json\/wp\/v2\/tags?post=230640"},{"taxonomy":"event_location","embeddable":true,"href":"https:\/\/flsportscoast.com\/de\/wp-json\/wp\/v2\/event_location?post=230640"},{"taxonomy":"event_type","embeddable":true,"href":"https:\/\/flsportscoast.com\/de\/wp-json\/wp\/v2\/event_type?post=230640"},{"taxonomy":"event_type_2","embeddable":true,"href":"https:\/\/flsportscoast.com\/de\/wp-json\/wp\/v2\/event_type_2?post=230640"}],"curies":[{"name":"wp","href":"https:\/\/api.w.org\/{rel}","templated":true}]}}